{"id":8924,"date":"2021-04-21T17:58:21","date_gmt":"2021-04-21T15:58:21","guid":{"rendered":"https:\/\/www.figurentheaterfestival.de\/?page_id=8924"},"modified":"2021-05-16T13:34:49","modified_gmt":"2021-05-16T11:34:49","slug":"pressebilder","status":"publish","type":"page","link":"https:\/\/www.figurentheaterfestival.de\/pressebilder\/","title":{"rendered":"pressebilder"},"content":{"rendered":"<p style=\"text-align: left;\">Auf dieser Seite finden Sie das Logo, die diesj\u00e4hrige Plakatreihe und Postkarte des internationalen figuren.theater.festivals sowie Bildmaterial zur Sonderedition und dem Jahresprogramm 2021. Die Bilder dieser Download-Seite sind JPEGs im RGB-Format.<\/p>\r\n<p style=\"text-align: left;\">Bitte beachten Sie, dass Download und Verwendung der Pressebilder ausschlie\u00dflich f\u00fcr Journalisten im Zusammenhang mit der Berichterstattung \u00fcber das internationale figuren.theater.festival und nur mit Angabe des Fotografen gestattet sind. Sollten Sie weiteres Bildmaterial ben\u00f6tigen, setzen Sie sich bitte mit uns per E-Mail an presse[at]figurentheaterfestival.de in Verbindung.<\/p>\r\n\r\n<p>&nbsp;<\/p>\r\n<ul class=\"downloads unstyled\"><li style=\"clear:both\"><a href=\"https:\/\/www.figurentheaterfestival.de\/wp-content\/uploads\/2015\/03\/ITFT_Logo_links.jpg\" target=\"_new\" class=\"blank\"><img src=\"https:\/\/www.figurentheaterfestival.de\/wp-content\/uploads\/2015\/03\/ITFT_Logo_links-300x109.jpg\" style=\"float:left;max-width:280px;margin-bottom:40px\" class=\"th\"><\/a><div style=\"margin-left:300px;font-size:12px\"><strong>int. figuren.theater.festival \u2013 Logo schwarzwei\u00df \u2013 links<\/strong><br><small>Gr\u00f6\u00dfe: 198 kB - <a href=\"https:\/\/www.figurentheaterfestival.de\/wp-content\/uploads\/2015\/03\/ITFT_Logo_links.jpg\" target=\"_new\">Datei herunterladen<\/a><\/small><\/div><li><li style=\"clear:both\"><a href=\"https:\/\/www.figurentheaterfestival.de\/wp-content\/uploads\/2015\/03\/ITFT_Logo_rechts.jpg\" target=\"_new\" class=\"blank\"><img src=\"https:\/\/www.figurentheaterfestival.de\/wp-content\/uploads\/2015\/03\/ITFT_Logo_rechts-300x108.jpg\" style=\"float:left;max-width:280px;margin-bottom:40px\" class=\"th\"><\/a><div style=\"margin-left:300px;font-size:12px\"><strong>int. figuren.theater.festival \u2013 Logo schwarzwei\u00df \u2013 rechts<\/strong><br><small>Gr\u00f6\u00dfe: 200 kB - <a href=\"https:\/\/www.figurentheaterfestival.de\/wp-content\/uploads\/2015\/03\/ITFT_Logo_rechts.jpg\" target=\"_new\">Datei herunterladen<\/a><\/small><\/div><li><li style=\"clear:both\"><a href=\"https:\/\/www.figurentheaterfestival.de\/wp-content\/uploads\/2021\/04\/IFTF21_Plakat01.jpg\" target=\"_new\" class=\"blank\"><img src=\"https:\/\/www.figurentheaterfestival.de\/wp-content\/uploads\/2021\/04\/IFTF21_Plakat01-212x300.jpg\" style=\"float:left;max-width:280px;margin-bottom:40px\" class=\"th\"><\/a><div style=\"margin-left:300px;font-size:12px\"><strong>22. int. figuren.theater.festival 2021 \u2013 Plakat 01<\/strong><br><small>Gr\u00f6\u00dfe: 817 kB - <a href=\"https:\/\/www.figurentheaterfestival.de\/wp-content\/uploads\/2021\/04\/IFTF21_Plakat01.jpg\" target=\"_new\">Datei herunterladen<\/a><\/small><\/div><li><li style=\"clear:both\"><a href=\"https:\/\/www.figurentheaterfestival.de\/wp-content\/uploads\/2021\/04\/IFTF21_Plakat02.jpg\" target=\"_new\" class=\"blank\"><img src=\"https:\/\/www.figurentheaterfestival.de\/wp-content\/uploads\/2021\/04\/IFTF21_Plakat02-212x300.jpg\" style=\"float:left;max-width:280px;margin-bottom:40px\" class=\"th\"><\/a><div style=\"margin-left:300px;font-size:12px\"><strong>22. int. figuren.theater.festival 2021 \u2013 Plakat 02<\/strong><br><small>Gr\u00f6\u00dfe: 670 kB - <a href=\"https:\/\/www.figurentheaterfestival.de\/wp-content\/uploads\/2021\/04\/IFTF21_Plakat02.jpg\" target=\"_new\">Datei herunterladen<\/a><\/small><\/div><li><li style=\"clear:both\"><a href=\"https:\/\/www.figurentheaterfestival.de\/wp-content\/uploads\/2021\/04\/IFTF21_Plakat03.jpg\" target=\"_new\" class=\"blank\"><img src=\"https:\/\/www.figurentheaterfestival.de\/wp-content\/uploads\/2021\/04\/IFTF21_Plakat03-212x300.jpg\" style=\"float:left;max-width:280px;margin-bottom:40px\" class=\"th\"><\/a><div style=\"margin-left:300px;font-size:12px\"><strong>22. int. figuren.theater.festival 2021 \u2013 Plakat 03<\/strong><br><small>Gr\u00f6\u00dfe: 740 kB - <a href=\"https:\/\/www.figurentheaterfestival.de\/wp-content\/uploads\/2021\/04\/IFTF21_Plakat03.jpg\" target=\"_new\">Datei herunterladen<\/a><\/small><\/div><li><li style=\"clear:both\"><a href=\"https:\/\/www.figurentheaterfestival.de\/wp-content\/uploads\/2021\/04\/IFTF21_Postkarte.jpg\" target=\"_new\" class=\"blank\"><img src=\"https:\/\/www.figurentheaterfestival.de\/wp-content\/uploads\/2021\/04\/IFTF21_Postkarte-213x300.jpg\" style=\"float:left;max-width:280px;margin-bottom:40px\" class=\"th\"><\/a><div style=\"margin-left:300px;font-size:12px\"><strong>22. int. figuren.theater.festival 2021 \u2013 Postkarte<\/strong><br><small>Gr\u00f6\u00dfe: 519 kB - <a href=\"https:\/\/www.figurentheaterfestival.de\/wp-content\/uploads\/2021\/04\/IFTF21_Postkarte.jpg\" target=\"_new\">Datei herunterladen<\/a><\/small><\/div><li><li style=\"clear:both\"><a href=\"https:\/\/www.figurentheaterfestival.de\/wp-content\/uploads\/2021\/04\/600Highwaymen_AThousandWays_MariaBaranova07-1.jpg\" target=\"_new\" class=\"blank\"><img src=\"https:\/\/www.figurentheaterfestival.de\/wp-content\/uploads\/2021\/04\/600Highwaymen_AThousandWays_MariaBaranova07-1-300x300.jpg\" style=\"float:left;max-width:280px;margin-bottom:40px\" class=\"th\"><\/a><div style=\"margin-left:300px;font-size:12px\"><strong>600 HIGHWAYMEN | USA \u2013 A THOUSAND WAYS (Part One): A Phone Call<br \/>\r\nCopyright: Maria Baranova<br \/>\r\n<br \/>\r\n<\/strong><br><small>Gr\u00f6\u00dfe: 3 MB - <a href=\"https:\/\/www.figurentheaterfestival.de\/wp-content\/uploads\/2021\/04\/600Highwaymen_AThousandWays_MariaBaranova07-1.jpg\" target=\"_new\">Datei herunterladen<\/a><\/small><\/div><li><li style=\"clear:both\"><a href=\"https:\/\/www.figurentheaterfestival.de\/wp-content\/uploads\/2021\/04\/AngryWife_AngryWife_AngryWife-1.jpg\" target=\"_new\" class=\"blank\"><img src=\"https:\/\/www.figurentheaterfestival.de\/wp-content\/uploads\/2021\/04\/AngryWife_AngryWife_AngryWife-1-225x300.jpg\" style=\"float:left;max-width:280px;margin-bottom:40px\" class=\"th\"><\/a><div style=\"margin-left:300px;font-size:12px\"><strong>Angry Wife | Deutschland \u2013 Lockdown of Angry Wife<br \/>\r\nCopyright: Angry Wife<br \/>\r\n<br \/>\r\n<\/strong><br><small>Gr\u00f6\u00dfe: 2 MB - <a href=\"https:\/\/www.figurentheaterfestival.de\/wp-content\/uploads\/2021\/04\/AngryWife_AngryWife_AngryWife-1.jpg\" target=\"_new\">Datei herunterladen<\/a><\/small><\/div><li><li style=\"clear:both\"><a href=\"https:\/\/www.figurentheaterfestival.de\/wp-content\/uploads\/2021\/04\/DoronAriel_Kuechenspiele_YairMeyuhas02-1.jpg\" target=\"_new\" class=\"blank\"><img src=\"https:\/\/www.figurentheaterfestival.de\/wp-content\/uploads\/2021\/04\/DoronAriel_Kuechenspiele_YairMeyuhas02-1-300x200.jpg\" style=\"float:left;max-width:280px;margin-bottom:40px\" class=\"th\"><\/a><div style=\"margin-left:300px;font-size:12px\"><strong>Ariel Doron | Israel \/ Deutschland \u2013 K\u00fcchenspiele<br \/>\r\nCopyright: Yair Meyuhas<br \/>\r\n<br \/>\r\n<\/strong><br><small>Gr\u00f6\u00dfe: 3 MB - <a href=\"https:\/\/www.figurentheaterfestival.de\/wp-content\/uploads\/2021\/04\/DoronAriel_Kuechenspiele_YairMeyuhas02-1.jpg\" target=\"_new\">Datei herunterladen<\/a><\/small><\/div><li><li style=\"clear:both\"><a href=\"https:\/\/www.figurentheaterfestival.de\/wp-content\/uploads\/2021\/05\/FlohrschuetzUndDoehnert_BigBox_ME3621.jpg\" target=\"_new\" class=\"blank\"><img src=\"https:\/\/www.figurentheaterfestival.de\/wp-content\/uploads\/2021\/05\/FlohrschuetzUndDoehnert_BigBox_ME3621-200x300.jpg\" style=\"float:left;max-width:280px;margin-bottom:40px\" class=\"th\"><\/a><div style=\"margin-left:300px;font-size:12px\"><strong>florsch\u00fctz & d\u00f6hnert | Deutschland \u2013 Big Box<br \/>\r\n\u00a9 internationales figuren.theater.festival \u2013 Foto: Erich Malter, 2021, aktuelles Veranstaltungsfoto<\/strong><br><small>Gr\u00f6\u00dfe: 2 MB - <a href=\"https:\/\/www.figurentheaterfestival.de\/wp-content\/uploads\/2021\/05\/FlohrschuetzUndDoehnert_BigBox_ME3621.jpg\" target=\"_new\">Datei herunterladen<\/a><\/small><\/div><li><li style=\"clear:both\"><a href=\"https:\/\/www.figurentheaterfestival.de\/wp-content\/uploads\/2021\/05\/FlohrschuetzUndDoehnert_BigBox_PG70.jpg\" target=\"_new\" class=\"blank\"><img src=\"https:\/\/www.figurentheaterfestival.de\/wp-content\/uploads\/2021\/05\/FlohrschuetzUndDoehnert_BigBox_PG70-300x200.jpg\" style=\"float:left;max-width:280px;margin-bottom:40px\" class=\"th\"><\/a><div style=\"margin-left:300px;font-size:12px\"><strong>florsch\u00fctz & d\u00f6hnert | Deutschland \u2013 Big Box<br \/>\r\n\u00a9 internationales figuren.theater.festival \u2013 Foto: Georg P\u00f6hlein, 2021, aktuelles Veranstaltungsfoto<\/strong><br><small>Gr\u00f6\u00dfe: 3 MB - <a href=\"https:\/\/www.figurentheaterfestival.de\/wp-content\/uploads\/2021\/05\/FlohrschuetzUndDoehnert_BigBox_PG70.jpg\" target=\"_new\">Datei herunterladen<\/a><\/small><\/div><li><li style=\"clear:both\"><a href=\"https:\/\/www.figurentheaterfestival.de\/wp-content\/uploads\/2021\/05\/FlohrschuetzUndDoehnert_NachgespraechBigBox_ME3972.jpg\" target=\"_new\" class=\"blank\"><img src=\"https:\/\/www.figurentheaterfestival.de\/wp-content\/uploads\/2021\/05\/FlohrschuetzUndDoehnert_NachgespraechBigBox_ME3972-300x200.jpg\" style=\"float:left;max-width:280px;margin-bottom:40px\" class=\"th\"><\/a><div style=\"margin-left:300px;font-size:12px\"><strong>florsch\u00fctz & d\u00f6hnert | Deutschland \u2013 Big Box<br \/>\r\n\u00a9 internationales figuren.theater.festival \u2013 Foto: Erich Malter, 2021, aktuelles Veranstaltungsfoto<\/strong><br><small>Gr\u00f6\u00dfe: 2 MB - <a href=\"https:\/\/www.figurentheaterfestival.de\/wp-content\/uploads\/2021\/05\/FlohrschuetzUndDoehnert_NachgespraechBigBox_ME3972.jpg\" target=\"_new\">Datei herunterladen<\/a><\/small><\/div><li><li style=\"clear:both\"><a href=\"https:\/\/www.figurentheaterfestival.de\/wp-content\/uploads\/2021\/04\/fringeEnsemble_MaptoUtopia_quer_OemerSarigedik-1.jpg\" target=\"_new\" class=\"blank\"><img src=\"https:\/\/www.figurentheaterfestival.de\/wp-content\/uploads\/2021\/04\/fringeEnsemble_MaptoUtopia_quer_OemerSarigedik-1-300x212.jpg\" style=\"float:left;max-width:280px;margin-bottom:40px\" class=\"th\"><\/a><div style=\"margin-left:300px;font-size:12px\"><strong>fringe ensemble + Platform Tiyatro | Deutschland \/ T\u00fcrkei \u2013 Map to Utopia<br \/>\r\nCopyright: \u00d6mer Sar\u0131gedik<\/strong><br><small>Gr\u00f6\u00dfe: 980 kB - <a href=\"https:\/\/www.figurentheaterfestival.de\/wp-content\/uploads\/2021\/04\/fringeEnsemble_MaptoUtopia_quer_OemerSarigedik-1.jpg\" target=\"_new\">Datei herunterladen<\/a><\/small><\/div><li><li style=\"clear:both\"><a href=\"https:\/\/www.figurentheaterfestival.de\/wp-content\/uploads\/2021\/04\/Interrobang_Familiodrom_Bildschirmfoto01_Interrobang-1.jpg\" target=\"_new\" class=\"blank\"><img src=\"https:\/\/www.figurentheaterfestival.de\/wp-content\/uploads\/2021\/04\/Interrobang_Familiodrom_Bildschirmfoto01_Interrobang-1-300x188.jpg\" style=\"float:left;max-width:280px;margin-bottom:40px\" class=\"th\"><\/a><div style=\"margin-left:300px;font-size:12px\"><strong>Interrobang | Deutschland \u2013 Familiodrom<br \/>\r\nCopyright: Interrobang<\/strong><br><small>Gr\u00f6\u00dfe: 662 kB - <a href=\"https:\/\/www.figurentheaterfestival.de\/wp-content\/uploads\/2021\/04\/Interrobang_Familiodrom_Bildschirmfoto01_Interrobang-1.jpg\" target=\"_new\">Datei herunterladen<\/a><\/small><\/div><li><li style=\"clear:both\"><a href=\"https:\/\/www.figurentheaterfestival.de\/wp-content\/uploads\/2021\/04\/LaiaRiCa_KaffeeMitZucker_PeterVanHeesen_SchlossBroellin04-1.jpg\" target=\"_new\" class=\"blank\"><img src=\"https:\/\/www.figurentheaterfestival.de\/wp-content\/uploads\/2021\/04\/LaiaRiCa_KaffeeMitZucker_PeterVanHeesen_SchlossBroellin04-1-300x200.jpg\" style=\"float:left;max-width:280px;margin-bottom:40px\" class=\"th\"><\/a><div style=\"margin-left:300px;font-size:12px\"><strong>Laia RiCa | El Salvador \/ Deutschland \u2013 Kaffee mit Zucker?<br \/>\r\nCopyright: Peter van Heesen \/ Schloss Br\u00f6llin<\/strong><br><small>Gr\u00f6\u00dfe: 1 MB - <a href=\"https:\/\/www.figurentheaterfestival.de\/wp-content\/uploads\/2021\/04\/LaiaRiCa_KaffeeMitZucker_PeterVanHeesen_SchlossBroellin04-1.jpg\" target=\"_new\">Datei herunterladen<\/a><\/small><\/div><li><li style=\"clear:both\"><a href=\"https:\/\/www.figurentheaterfestival.de\/wp-content\/uploads\/2021\/04\/MaierViktoria_distance_BenToepelKartenhouse02-1.jpg\" target=\"_new\" class=\"blank\"><img src=\"https:\/\/www.figurentheaterfestival.de\/wp-content\/uploads\/2021\/04\/MaierViktoria_distance_BenToepelKartenhouse02-1-300x200.jpg\" style=\"float:left;max-width:280px;margin-bottom:40px\" class=\"th\"><\/a><div style=\"margin-left:300px;font-size:12px\"><strong>Viktoria Maier | Deutschland \u2013 #distance<br \/>\r\nCopyright: Ben Toepel Kartenhouse<\/strong><br><small>Gr\u00f6\u00dfe: 2 MB - <a href=\"https:\/\/www.figurentheaterfestival.de\/wp-content\/uploads\/2021\/04\/MaierViktoria_distance_BenToepelKartenhouse02-1.jpg\" target=\"_new\">Datei herunterladen<\/a><\/small><\/div><li><li style=\"clear:both\"><a href=\"https:\/\/www.figurentheaterfestival.de\/wp-content\/uploads\/2021\/05\/RafiMartin_BlockenUndSchlagen_ME5173.jpg\" target=\"_new\" class=\"blank\"><img src=\"https:\/\/www.figurentheaterfestival.de\/wp-content\/uploads\/2021\/05\/RafiMartin_BlockenUndSchlagen_ME5173-300x200.jpg\" style=\"float:left;max-width:280px;margin-bottom:40px\" class=\"th\"><\/a><div style=\"margin-left:300px;font-size:12px\"><strong>Rafi Martin | Deutschland \/ Frankreich \u2013 Blocken und Schlagen (AT)<br \/>\r\n\u00a9 internationales figuren.theater.festival \u2013 Foto: Erich Malter, 2021, aktuelles Veranstaltungsfoto<br \/>\r\n<\/strong><br><small>Gr\u00f6\u00dfe: 2 MB - <a href=\"https:\/\/www.figurentheaterfestival.de\/wp-content\/uploads\/2021\/05\/RafiMartin_BlockenUndSchlagen_ME5173.jpg\" target=\"_new\">Datei herunterladen<\/a><\/small><\/div><li><li style=\"clear:both\"><a href=\"https:\/\/www.figurentheaterfestival.de\/wp-content\/uploads\/2021\/05\/RafiMartin_BlockenUndSchlagen_ME1230272.jpg\" target=\"_new\" class=\"blank\"><img src=\"https:\/\/www.figurentheaterfestival.de\/wp-content\/uploads\/2021\/05\/RafiMartin_BlockenUndSchlagen_ME1230272-300x200.jpg\" style=\"float:left;max-width:280px;margin-bottom:40px\" class=\"th\"><\/a><div style=\"margin-left:300px;font-size:12px\"><strong>Rafi Martin | Deutschland \/ Frankreich \u2013 Blocken und Schlagen (AT)<br \/>\r\n\u00a9 internationales figuren.theater.festival \u2013 Foto: Erich Malter, 2021, aktuelles Veranstaltungsfoto<\/strong><br><small>Gr\u00f6\u00dfe: 2 MB - <a href=\"https:\/\/www.figurentheaterfestival.de\/wp-content\/uploads\/2021\/05\/RafiMartin_BlockenUndSchlagen_ME1230272.jpg\" target=\"_new\">Datei herunterladen<\/a><\/small><\/div><li><li style=\"clear:both\"><a href=\"https:\/\/www.figurentheaterfestival.de\/wp-content\/uploads\/2021\/04\/onlinetheater.live_Hyphe_onlinetheater.live03-1.jpg\" target=\"_new\" class=\"blank\"><img src=\"https:\/\/www.figurentheaterfestival.de\/wp-content\/uploads\/2021\/04\/onlinetheater.live_Hyphe_onlinetheater.live03-1-300x225.jpg\" style=\"float:left;max-width:280px;margin-bottom:40px\" class=\"th\"><\/a><div style=\"margin-left:300px;font-size:12px\"><strong>onlinetheater.live | Schweiz \u2013 Hyphe<br \/>\r\nCopyright: onlinetheater.live<br \/>\r\n<\/strong><br><small>Gr\u00f6\u00dfe: 2 MB - <a href=\"https:\/\/www.figurentheaterfestival.de\/wp-content\/uploads\/2021\/04\/onlinetheater.live_Hyphe_onlinetheater.live03-1.jpg\" target=\"_new\">Datei herunterladen<\/a><\/small><\/div><li><li style=\"clear:both\"><a href=\"https:\/\/www.figurentheaterfestival.de\/wp-content\/uploads\/2021\/04\/PulkFiktion_Homewalk_BrigitKofmel02-1.jpg\" target=\"_new\" class=\"blank\"><img src=\"https:\/\/www.figurentheaterfestival.de\/wp-content\/uploads\/2021\/04\/PulkFiktion_Homewalk_BrigitKofmel02-1-204x300.jpg\" style=\"float:left;max-width:280px;margin-bottom:40px\" class=\"th\"><\/a><div style=\"margin-left:300px;font-size:12px\"><strong>pulk fiktion | Deutschland \u2013 Homewalk<br \/>\r\nCopyright: Brigit Kofmel<br \/>\r\n<\/strong><br><small>Gr\u00f6\u00dfe: 899 kB - <a href=\"https:\/\/www.figurentheaterfestival.de\/wp-content\/uploads\/2021\/04\/PulkFiktion_Homewalk_BrigitKofmel02-1.jpg\" target=\"_new\">Datei herunterladen<\/a><\/small><\/div><li><li style=\"clear:both\"><a href=\"https:\/\/www.figurentheaterfestival.de\/wp-content\/uploads\/2021\/04\/Schauburg_AlarmimStreichelzoo_FabianFrinzel07.jpg\" target=\"_new\" class=\"blank\"><img src=\"https:\/\/www.figurentheaterfestival.de\/wp-content\/uploads\/2021\/04\/Schauburg_AlarmimStreichelzoo_FabianFrinzel07-300x200.jpg\" style=\"float:left;max-width:280px;margin-bottom:40px\" class=\"th\"><\/a><div style=\"margin-left:300px;font-size:12px\"><strong>Schauburg Theater f\u00fcr junges Publikum M\u00fcnchen | Deutschland \u2013 Alarm im Streichelzoo(m)<br \/>\r\nCopyright: Fabian Frinzel<br \/>\r\n<\/strong><br><small>Gr\u00f6\u00dfe: 2 MB - <a href=\"https:\/\/www.figurentheaterfestival.de\/wp-content\/uploads\/2021\/04\/Schauburg_AlarmimStreichelzoo_FabianFrinzel07.jpg\" target=\"_new\">Datei herunterladen<\/a><\/small><\/div><li><li style=\"clear:both\"><a href=\"https:\/\/www.figurentheaterfestival.de\/wp-content\/uploads\/2021\/04\/SennSimon_BeArielleF_SimonSenn02-1.jpg\" target=\"_new\" class=\"blank\"><img src=\"https:\/\/www.figurentheaterfestival.de\/wp-content\/uploads\/2021\/04\/SennSimon_BeArielleF_SimonSenn02-1-300x185.jpg\" style=\"float:left;max-width:280px;margin-bottom:40px\" class=\"th\"><\/a><div style=\"margin-left:300px;font-size:12px\"><strong>Simon Senn | Schweiz \u2013 Be Arielle F<br \/>\r\nCopyright: Simon Senn<br \/>\r\n<\/strong><br><small>Gr\u00f6\u00dfe: 948 kB - <a href=\"https:\/\/www.figurentheaterfestival.de\/wp-content\/uploads\/2021\/04\/SennSimon_BeArielleF_SimonSenn02-1.jpg\" target=\"_new\">Datei herunterladen<\/a><\/small><\/div><li><li style=\"clear:both\"><a href=\"https:\/\/www.figurentheaterfestival.de\/wp-content\/uploads\/2021\/04\/SINT_ReiseReise_SINT01-1.jpg\" target=\"_new\" class=\"blank\"><img src=\"https:\/\/www.figurentheaterfestival.de\/wp-content\/uploads\/2021\/04\/SINT_ReiseReise_SINT01-1-300x100.jpg\" style=\"float:left;max-width:280px;margin-bottom:40px\" class=\"th\"><\/a><div style=\"margin-left:300px;font-size:12px\"><strong>SINT | Deutschland \u2013 Reise Reise<br \/>\r\nCopyright: SINT<\/strong><br><small>Gr\u00f6\u00dfe: 566 kB - <a href=\"https:\/\/www.figurentheaterfestival.de\/wp-content\/uploads\/2021\/04\/SINT_ReiseReise_SINT01-1.jpg\" target=\"_new\">Datei herunterladen<\/a><\/small><\/div><li><li style=\"clear:both\"><a href=\"https:\/\/www.figurentheaterfestival.de\/wp-content\/uploads\/2021\/04\/StewardAnna_Zooomworld_BlendingerFrank02.jpg\" target=\"_new\" class=\"blank\"><img src=\"https:\/\/www.figurentheaterfestival.de\/wp-content\/uploads\/2021\/04\/StewardAnna_Zooomworld_BlendingerFrank02-300x169.jpg\" style=\"float:left;max-width:280px;margin-bottom:40px\" class=\"th\"><\/a><div style=\"margin-left:300px;font-size:12px\"><strong>Anna Steward | Deutschland \u2013 Zooomworld<br \/>\r\nCopyright: L. Blendinger<\/strong><br><small>Gr\u00f6\u00dfe: 2 MB - <a href=\"https:\/\/www.figurentheaterfestival.de\/wp-content\/uploads\/2021\/04\/StewardAnna_Zooomworld_BlendingerFrank02.jpg\" target=\"_new\">Datei herunterladen<\/a><\/small><\/div><li><li style=\"clear:both\"><a href=\"https:\/\/www.figurentheaterfestival.de\/wp-content\/uploads\/2021\/04\/TheaterZitadelleAnnaRampe_BeiVollmond_KlausZinnecker04-1.jpg\" target=\"_new\" class=\"blank\"><img src=\"https:\/\/www.figurentheaterfestival.de\/wp-content\/uploads\/2021\/04\/TheaterZitadelleAnnaRampe_BeiVollmond_KlausZinnecker04-1-300x211.jpg\" style=\"float:left;max-width:280px;margin-bottom:40px\" class=\"th\"><\/a><div style=\"margin-left:300px;font-size:12px\"><strong>Theater Zitadelle \/ Theater Anna Rampe | Deutschland \u2013 Bei Vollmond spricht man nicht<br \/>\r\nCopyright: Klaus Zinnecker<br \/>\r\n<\/strong><br><small>Gr\u00f6\u00dfe: 2 MB - <a href=\"https:\/\/www.figurentheaterfestival.de\/wp-content\/uploads\/2021\/04\/TheaterZitadelleAnnaRampe_BeiVollmond_KlausZinnecker04-1.jpg\" target=\"_new\">Datei herunterladen<\/a><\/small><\/div><li><li style=\"clear:both\"><a href=\"https:\/\/www.figurentheaterfestival.de\/wp-content\/uploads\/2021\/04\/TontschLaura_ToteKuh_SamuelBosshardt_3-1.jpg\" target=\"_new\" class=\"blank\"><img src=\"https:\/\/www.figurentheaterfestival.de\/wp-content\/uploads\/2021\/04\/TontschLaura_ToteKuh_SamuelBosshardt_3-1-200x300.jpg\" style=\"float:left;max-width:280px;margin-bottom:40px\" class=\"th\"><\/a><div style=\"margin-left:300px;font-size:12px\"><strong>Laura Tontsch | Schweiz \u2013 Der Kult der Toten Kuh<br \/>\r\nCopyright: Samuel Bosshardt<\/strong><br><small>Gr\u00f6\u00dfe: 3 MB - <a href=\"https:\/\/www.figurentheaterfestival.de\/wp-content\/uploads\/2021\/04\/TontschLaura_ToteKuh_SamuelBosshardt_3-1.jpg\" target=\"_new\">Datei herunterladen<\/a><\/small><\/div><li><li style=\"clear:both\"><a href=\"https:\/\/www.figurentheaterfestival.de\/wp-content\/uploads\/2021\/04\/UnitedPuppets_WeilHeuteMeinGeburtstagIst_MarioHohmann02-1.jpg\" target=\"_new\" class=\"blank\"><img src=\"https:\/\/www.figurentheaterfestival.de\/wp-content\/uploads\/2021\/04\/UnitedPuppets_WeilHeuteMeinGeburtstagIst_MarioHohmann02-1-300x113.jpg\" style=\"float:left;max-width:280px;margin-bottom:40px\" class=\"th\"><\/a><div style=\"margin-left:300px;font-size:12px\"><strong>United Puppets | Deutschland \u2013 Weil heute mein Geburtstag ist ...<br \/>\r\nCopyright: Mario Hohmann<br \/>\r\n<\/strong><br><small>Gr\u00f6\u00dfe: 806 kB - <a href=\"https:\/\/www.figurentheaterfestival.de\/wp-content\/uploads\/2021\/04\/UnitedPuppets_WeilHeuteMeinGeburtstagIst_MarioHohmann02-1.jpg\" target=\"_new\">Datei herunterladen<\/a><\/small><\/div><li><li style=\"clear:both\"><a href=\"https:\/\/www.figurentheaterfestival.de\/wp-content\/uploads\/2021\/04\/ZahnOliver_LobDesVergessens_OliverZahn02-1.jpg\" target=\"_new\" class=\"blank\"><img src=\"https:\/\/www.figurentheaterfestival.de\/wp-content\/uploads\/2021\/04\/ZahnOliver_LobDesVergessens_OliverZahn02-1-300x182.jpg\" style=\"float:left;max-width:280px;margin-bottom:40px\" class=\"th\"><\/a><div style=\"margin-left:300px;font-size:12px\"><strong>Oliver Zahn | Schweiz \u2013 Lob des Vergessens (Teil 2)<br \/>\r\nCopyright: Oliver Zahn<\/strong><br><small>Gr\u00f6\u00dfe: 282 kB - <a href=\"https:\/\/www.figurentheaterfestival.de\/wp-content\/uploads\/2021\/04\/ZahnOliver_LobDesVergessens_OliverZahn02-1.jpg\" target=\"_new\">Datei herunterladen<\/a><\/small><\/div><li><\/ul>","protected":false},"excerpt":{"rendered":"<p>Auf dieser Seite finden Sie das Logo, die diesj\u00e4hrige Plakatreihe und Postkarte des internationalen figuren.theater.festivals sowie Bildmaterial zur Sonderedition und dem Jahresprogramm 2021. Die Bilder dieser Download-Seite sind JPEGs im RGB-Format. Bitte beachten Sie, dass Download und Verwendung der Pressebilder ausschlie\u00dflich f\u00fcr Journalisten im Zusammenhang mit der Berichterstattung \u00fcber das internationale figuren.theater.festival und nur mit [&hellip;]<\/p>\n","protected":false},"author":3,"featured_media":0,"parent":0,"menu_order":0,"comment_status":"closed","ping_status":"closed","template":"","meta":[],"_links":{"self":[{"href":"https:\/\/www.figurentheaterfestival.de\/wp-json\/wp\/v2\/pages\/8924"}],"collection":[{"href":"https:\/\/www.figurentheaterfestival.de\/wp-json\/wp\/v2\/pages"}],"about":[{"href":"https:\/\/www.figurentheaterfestival.de\/wp-json\/wp\/v2\/types\/page"}],"author":[{"embeddable":true,"href":"https:\/\/www.figurentheaterfestival.de\/wp-json\/wp\/v2\/users\/3"}],"replies":[{"embeddable":true,"href":"https:\/\/www.figurentheaterfestival.de\/wp-json\/wp\/v2\/comments?post=8924"}],"version-history":[{"count":11,"href":"https:\/\/www.figurentheaterfestival.de\/wp-json\/wp\/v2\/pages\/8924\/revisions"}],"predecessor-version":[{"id":10662,"href":"https:\/\/www.figurentheaterfestival.de\/wp-json\/wp\/v2\/pages\/8924\/revisions\/10662"}],"wp:attachment":[{"href":"https:\/\/www.figurentheaterfestival.de\/wp-json\/wp\/v2\/media?parent=8924"}],"curies":[{"name":"wp","href":"https:\/\/api.w.org\/{rel}","templated":true}]}}